{"id":1631,"date":"2024-06-02T22:58:30","date_gmt":"2024-06-02T20:58:30","guid":{"rendered":"https:\/\/parkinggetafe.es\/?page_id=1631"},"modified":"2024-11-29T12:31:25","modified_gmt":"2024-11-29T11:31:25","slug":"home","status":"publish","type":"page","link":"https:\/\/parkinggetafe.es\/fr\/","title":{"rendered":"D\u00e9but"},"content":{"rendered":"<div data-elementor-type=\"wp-page\" data-elementor-id=\"1631\" class=\"elementor elementor-1631\" data-elementor-post-type=\"page\">\n\t\t\t\t<div class=\"elementor-element elementor-element-72ef869 e-flex e-con-boxed e-con e-parent\" data-id=\"72ef869\" data-element_type=\"container\" data-settings=\"{&quot;background_background&quot;:&quot;classic&quot;}\">\n\t\t\t\t\t<div class=\"e-con-inner\">\n\t\t\t\t<div class=\"elementor-element elementor-element-47479c8 elementor-widget elementor-widget-heading\" data-id=\"47479c8\" data-element_type=\"widget\" data-widget_type=\"heading.default\">\n\t\t\t\t<div class=\"elementor-widget-container\">\n\t\t\t\t\t<h1 class=\"elementor-heading-title elementor-size-default\">Parking g\u00e9n\u00e9ral du palais de Getafe<\/h1>\t\t\t\t<\/div>\n\t\t\t\t<\/div>\n\t\t\t\t<div class=\"elementor-element elementor-element-32ac7e0 elementor-widget elementor-widget-text-editor\" data-id=\"32ac7e0\" data-element_type=\"widget\" data-widget_type=\"text-editor.default\">\n\t\t\t\t<div class=\"elementor-widget-container\">\n\t\t\t\t\t\t\t\t\t<p>Votre parking de confiance au c\u0153ur de Getafe<\/p><ul><li>Ouvert 24h\/24 tous les jours de l&#039;ann\u00e9e<\/li><li>Strat\u00e9giquement situ\u00e9 au centre de Getafe<\/li><li>Acc\u00e8s illimit\u00e9 pendant votre s\u00e9jour<\/li><\/ul>\t\t\t\t\t\t\t\t<\/div>\n\t\t\t\t<\/div>\n\t\t\t\t<div class=\"elementor-element elementor-element-f48b016 elementor-widget elementor-widget-button\" data-id=\"f48b016\" data-element_type=\"widget\" data-widget_type=\"button.default\">\n\t\t\t\t<div class=\"elementor-widget-container\">\n\t\t\t\t\t\t\t\t\t<div class=\"elementor-button-wrapper\">\n\t\t\t\t\t<a class=\"elementor-button elementor-button-link elementor-size-sm\" href=\"https:\/\/parkinggetafe.es\/fr\/booking\/general-palacio\/\">\n\t\t\t\t\t\t<span class=\"elementor-button-content-wrapper\">\n\t\t\t\t\t\t\t\t\t<span class=\"elementor-button-text\">R\u00e9server une place<\/span>\n\t\t\t\t\t<\/span>\n\t\t\t\t\t<\/a>\n\t\t\t\t<\/div>\n\t\t\t\t\t\t\t\t<\/div>\n\t\t\t\t<\/div>\n\t\t\t\t\t<\/div>\n\t\t\t\t<\/div>\n\t\t<div class=\"elementor-element elementor-element-f2077ca e-flex e-con-boxed e-con e-parent\" data-id=\"f2077ca\" data-element_type=\"container\">\n\t\t\t\t\t<div class=\"e-con-inner\">\n\t\t\t\t<div class=\"elementor-element elementor-element-d5f6416 elementor-widget elementor-widget-heading\" data-id=\"d5f6416\" data-element_type=\"widget\" data-widget_type=\"heading.default\">\n\t\t\t\t<div class=\"elementor-widget-container\">\n\t\t\t\t\t<h2 class=\"elementor-heading-title elementor-size-default\">Parking g\u00e9n\u00e9ral du palais de Getafe<\/h2>\t\t\t\t<\/div>\n\t\t\t\t<\/div>\n\t\t\t\t<div class=\"elementor-element elementor-element-0692056 elementor-widget elementor-widget-text-editor\" data-id=\"0692056\" data-element_type=\"widget\" data-widget_type=\"text-editor.default\">\n\t\t\t\t<div class=\"elementor-widget-container\">\n\t\t\t\t\t\t\t\t\tVotre point de d\u00e9part id\u00e9al \u00e0 Getafe : pratique, s\u00fbr, bien connect\u00e9 et au meilleur prix\t\t\t\t\t\t\t\t<\/div>\n\t\t\t\t<\/div>\n\t\t<div class=\"elementor-element elementor-element-891148b e-flex e-con-boxed e-con e-child\" data-id=\"891148b\" data-element_type=\"container\">\n\t\t\t\t\t<div class=\"e-con-inner\">\n\t\t<div class=\"elementor-element elementor-element-a219025 e-flex e-con-boxed e-con e-child\" data-id=\"a219025\" data-element_type=\"container\">\n\t\t\t\t\t<div class=\"e-con-inner\">\n\t\t\t\t<div class=\"elementor-element elementor-element-2636b2b elementor-widget elementor-widget-image\" data-id=\"2636b2b\" data-element_type=\"widget\" data-widget_type=\"image.default\">\n\t\t\t\t<div class=\"elementor-widget-container\">\n\t\t\t\t\t\t\t\t\t\t\t\t\t\t\t<img fetchpriority=\"high\" decoding=\"async\" width=\"768\" height=\"433\" src=\"https:\/\/parkinggetafe.es\/wp-content\/uploads\/sites\/10\/2024\/05\/FRONTAL-PARKING-GETAFE-1-768x433.jpg\" class=\"attachment-medium_large size-medium_large wp-image-2210\" alt=\"\" srcset=\"https:\/\/parkinggetafe.es\/wp-content\/uploads\/sites\/10\/2024\/05\/FRONTAL-PARKING-GETAFE-1-768x433.jpg 768w, https:\/\/parkinggetafe.es\/wp-content\/uploads\/sites\/10\/2024\/05\/FRONTAL-PARKING-GETAFE-1-300x169.jpg 300w, https:\/\/parkinggetafe.es\/wp-content\/uploads\/sites\/10\/2024\/05\/FRONTAL-PARKING-GETAFE-1-1024x577.jpg 1024w, https:\/\/parkinggetafe.es\/wp-content\/uploads\/sites\/10\/2024\/05\/FRONTAL-PARKING-GETAFE-1-1536x866.jpg 1536w, https:\/\/parkinggetafe.es\/wp-content\/uploads\/sites\/10\/2024\/05\/FRONTAL-PARKING-GETAFE-1-18x10.jpg 18w, https:\/\/parkinggetafe.es\/wp-content\/uploads\/sites\/10\/2024\/05\/FRONTAL-PARKING-GETAFE-1.jpg 1600w\" sizes=\"(max-width: 768px) 100vw, 768px\" \/>\t\t\t\t\t\t\t\t\t\t\t\t\t\t\t<\/div>\n\t\t\t\t<\/div>\n\t\t\t\t<div class=\"elementor-element elementor-element-1f704e3 elementor-widget elementor-widget-heading\" data-id=\"1f704e3\" data-element_type=\"widget\" data-widget_type=\"heading.default\">\n\t\t\t\t<div class=\"elementor-widget-container\">\n\t\t\t\t\t<h3 class=\"elementor-heading-title elementor-size-default\">Entr\u00e9es et sorties illimit\u00e9es<\/h3>\t\t\t\t<\/div>\n\t\t\t\t<\/div>\n\t\t\t\t<div class=\"elementor-element elementor-element-896a25a elementor-widget elementor-widget-text-editor\" data-id=\"896a25a\" data-element_type=\"widget\" data-widget_type=\"text-editor.default\">\n\t\t\t\t<div class=\"elementor-widget-container\">\n\t\t\t\t\t\t\t\t\tNotre parking propose des entr\u00e9es et sorties illimit\u00e9es 24h\/24. Cela garantit une flexibilit\u00e9 maximale pour que vous puissiez vous d\u00e9placer \u00e0 Getafe et \u00e0 Madrid sans vous soucier des heures d&#039;ouverture ou de fermeture du parking.\t\t\t\t\t\t\t\t<\/div>\n\t\t\t\t<\/div>\n\t\t\t\t\t<\/div>\n\t\t\t\t<\/div>\n\t\t<div class=\"elementor-element elementor-element-590ea90 e-flex e-con-boxed e-con e-child\" data-id=\"590ea90\" data-element_type=\"container\">\n\t\t\t\t\t<div class=\"e-con-inner\">\n\t\t\t\t<div class=\"elementor-element elementor-element-c14b054 elementor-widget elementor-widget-image\" data-id=\"c14b054\" data-element_type=\"widget\" data-widget_type=\"image.default\">\n\t\t\t\t<div class=\"elementor-widget-container\">\n\t\t\t\t\t\t\t\t\t\t\t\t\t\t\t<img decoding=\"async\" width=\"768\" height=\"576\" src=\"https:\/\/parkinggetafe.es\/wp-content\/uploads\/sites\/10\/2024\/05\/PARKING-GENERAL-PALACIO-12-768x576.jpg\" class=\"attachment-medium_large size-medium_large wp-image-2206\" alt=\"\" srcset=\"https:\/\/parkinggetafe.es\/wp-content\/uploads\/sites\/10\/2024\/05\/PARKING-GENERAL-PALACIO-12-768x576.jpg 768w, https:\/\/parkinggetafe.es\/wp-content\/uploads\/sites\/10\/2024\/05\/PARKING-GENERAL-PALACIO-12-300x225.jpg 300w, https:\/\/parkinggetafe.es\/wp-content\/uploads\/sites\/10\/2024\/05\/PARKING-GENERAL-PALACIO-12-1024x768.jpg 1024w, https:\/\/parkinggetafe.es\/wp-content\/uploads\/sites\/10\/2024\/05\/PARKING-GENERAL-PALACIO-12-1536x1152.jpg 1536w, https:\/\/parkinggetafe.es\/wp-content\/uploads\/sites\/10\/2024\/05\/PARKING-GENERAL-PALACIO-12-16x12.jpg 16w, https:\/\/parkinggetafe.es\/wp-content\/uploads\/sites\/10\/2024\/05\/PARKING-GENERAL-PALACIO-12.jpg 1600w\" sizes=\"(max-width: 768px) 100vw, 768px\" \/>\t\t\t\t\t\t\t\t\t\t\t\t\t\t\t<\/div>\n\t\t\t\t<\/div>\n\t\t\t\t<div class=\"elementor-element elementor-element-2a78376 elementor-widget elementor-widget-heading\" data-id=\"2a78376\" data-element_type=\"widget\" data-widget_type=\"heading.default\">\n\t\t\t\t<div class=\"elementor-widget-container\">\n\t\t\t\t\t<h3 class=\"elementor-heading-title elementor-size-default\">S\u00e9curit\u00e9 et confort<\/h3>\t\t\t\t<\/div>\n\t\t\t\t<\/div>\n\t\t\t\t<div class=\"elementor-element elementor-element-71a3873 elementor-widget elementor-widget-text-editor\" data-id=\"71a3873\" data-element_type=\"widget\" data-widget_type=\"text-editor.default\">\n\t\t\t\t<div class=\"elementor-widget-container\">\n\t\t\t\t\t\t\t\t\tNous proposons des espaces extra-larges, con\u00e7us pour faciliter le stationnement et assurer votre confort \u00e0 tout moment. De plus, notre zone est vid\u00e9o-surveill\u00e9e 24h\/24, offrant ainsi une s\u00e9curit\u00e9 maximale \u00e0 votre v\u00e9hicule. Nous disposons \u00e9galement de bornes de recharge pour voitures \u00e9lectriques, afin que votre v\u00e9hicule soit pr\u00eat \u00e0 continuer \u00e0 explorer Getafe et Madrid tout en profitant de votre visite en toute s\u00e9r\u00e9nit\u00e9.\t\t\t\t\t\t\t\t<\/div>\n\t\t\t\t<\/div>\n\t\t\t\t\t<\/div>\n\t\t\t\t<\/div>\n\t\t<div class=\"elementor-element elementor-element-93278db e-flex e-con-boxed e-con e-child\" data-id=\"93278db\" data-element_type=\"container\">\n\t\t\t\t\t<div class=\"e-con-inner\">\n\t\t\t\t<div class=\"elementor-element elementor-element-7f5a03a elementor-widget elementor-widget-image\" data-id=\"7f5a03a\" data-element_type=\"widget\" data-widget_type=\"image.default\">\n\t\t\t\t<div class=\"elementor-widget-container\">\n\t\t\t\t\t\t\t\t\t\t\t\t\t\t\t<img decoding=\"async\" width=\"768\" height=\"432\" src=\"https:\/\/parkinggetafe.es\/wp-content\/uploads\/sites\/10\/2024\/05\/tragico-suceso-estacion-tren-getafe-centro-0084640_1200-768x432.jpeg\" class=\"attachment-medium_large size-medium_large wp-image-2201\" alt=\"\" srcset=\"https:\/\/parkinggetafe.es\/wp-content\/uploads\/sites\/10\/2024\/05\/tragico-suceso-estacion-tren-getafe-centro-0084640_1200-768x432.jpeg 768w, https:\/\/parkinggetafe.es\/wp-content\/uploads\/sites\/10\/2024\/05\/tragico-suceso-estacion-tren-getafe-centro-0084640_1200-300x169.jpeg 300w, https:\/\/parkinggetafe.es\/wp-content\/uploads\/sites\/10\/2024\/05\/tragico-suceso-estacion-tren-getafe-centro-0084640_1200-1024x576.jpeg 1024w, https:\/\/parkinggetafe.es\/wp-content\/uploads\/sites\/10\/2024\/05\/tragico-suceso-estacion-tren-getafe-centro-0084640_1200-18x10.jpeg 18w, https:\/\/parkinggetafe.es\/wp-content\/uploads\/sites\/10\/2024\/05\/tragico-suceso-estacion-tren-getafe-centro-0084640_1200.jpeg 1200w\" sizes=\"(max-width: 768px) 100vw, 768px\" \/>\t\t\t\t\t\t\t\t\t\t\t\t\t\t\t<\/div>\n\t\t\t\t<\/div>\n\t\t\t\t<div class=\"elementor-element elementor-element-aaf5428 elementor-widget elementor-widget-heading\" data-id=\"aaf5428\" data-element_type=\"widget\" data-widget_type=\"heading.default\">\n\t\t\t\t<div class=\"elementor-widget-container\">\n\t\t\t\t\t<h3 class=\"elementor-heading-title elementor-size-default\">emplacement central <\/h3>\t\t\t\t<\/div>\n\t\t\t\t<\/div>\n\t\t\t\t<div class=\"elementor-element elementor-element-e704066 elementor-widget elementor-widget-text-editor\" data-id=\"e704066\" data-element_type=\"widget\" data-widget_type=\"text-editor.default\">\n\t\t\t\t<div class=\"elementor-widget-container\">\n\t\t\t\t\t\t\t\t\tLe Parking General Palacio Getafe vous offre un emplacement central \u00e0 Getafe, pr\u00e8s de la place General Palacio et \u00e0 quelques pas de la Calle Madrid et des b\u00e2timents administratifs. Nous sommes strat\u00e9giquement reli\u00e9s \u00e0 la station Getafe Centro, \u00e0 seulement 10 minutes \u00e0 pied, o\u00f9 vous pourrez facilement acc\u00e9der \u00e0 la ligne C-4 de Cercan\u00edas et \u00e0 la ligne 12 du m\u00e9tro. Cet emplacement privil\u00e9gi\u00e9 vous permet de d\u00e9couvrir facilement Getafe et de rejoindre rapidement Madrid.\t\t\t\t\t\t\t\t<\/div>\n\t\t\t\t<\/div>\n\t\t\t\t\t<\/div>\n\t\t\t\t<\/div>\n\t\t\t\t\t<\/div>\n\t\t\t\t<\/div>\n\t\t\t\t\t<\/div>\n\t\t\t\t<\/div>\n\t\t<div class=\"elementor-element elementor-element-95f77d5 e-flex e-con-boxed e-con e-parent\" data-id=\"95f77d5\" data-element_type=\"container\" data-settings=\"{&quot;background_background&quot;:&quot;classic&quot;}\">\n\t\t\t\t\t<div class=\"e-con-inner\">\n\t\t\t\t<div class=\"elementor-element elementor-element-0feb80c elementor-widget elementor-widget-heading\" data-id=\"0feb80c\" data-element_type=\"widget\" data-widget_type=\"heading.default\">\n\t\t\t\t<div class=\"elementor-widget-container\">\n\t\t\t\t\t<h2 class=\"elementor-heading-title elementor-size-default\">Tous les avantages du Parking General Palacio Getafe<\/h2>\t\t\t\t<\/div>\n\t\t\t\t<\/div>\n\t\t\t\t<div class=\"elementor-element elementor-element-4be3be0 elementor-widget__width-initial elementor-widget elementor-widget-text-editor\" data-id=\"4be3be0\" data-element_type=\"widget\" data-widget_type=\"text-editor.default\">\n\t\t\t\t<div class=\"elementor-widget-container\">\n\t\t\t\t\t\t\t\t\t<p>Garez votre voiture dans un parking confortable, s\u00fbr et s\u00e9curis\u00e9.<\/p>\t\t\t\t\t\t\t\t<\/div>\n\t\t\t\t<\/div>\n\t\t<div class=\"elementor-element elementor-element-fb54328 e-grid e-con-boxed e-con e-child\" data-id=\"fb54328\" data-element_type=\"container\">\n\t\t\t\t\t<div class=\"e-con-inner\">\n\t\t\t\t<div class=\"elementor-element elementor-element-826cf2f elementor-widget-mobile__width-initial elementor-position-top elementor-widget elementor-widget-image-box\" data-id=\"826cf2f\" data-element_type=\"widget\" data-widget_type=\"image-box.default\">\n\t\t\t\t<div class=\"elementor-widget-container\">\n\t\t\t\t\t<div class=\"elementor-image-box-wrapper\"><figure class=\"elementor-image-box-img\"><img loading=\"lazy\" decoding=\"async\" width=\"512\" height=\"512\" src=\"https:\/\/parkinggetafe.es\/wp-content\/uploads\/sites\/10\/2024\/05\/garage.png\" class=\"attachment-full size-full wp-image-95\" alt=\"\" srcset=\"https:\/\/parkinggetafe.es\/wp-content\/uploads\/sites\/10\/2024\/05\/garage.png 512w, https:\/\/parkinggetafe.es\/wp-content\/uploads\/sites\/10\/2024\/05\/garage-300x300.png 300w, https:\/\/parkinggetafe.es\/wp-content\/uploads\/sites\/10\/2024\/05\/garage-150x150.png 150w\" sizes=\"(max-width: 512px) 100vw, 512px\" \/><\/figure><div class=\"elementor-image-box-content\"><span class=\"elementor-image-box-title\">Parking couvert<\/span><\/div><\/div>\t\t\t\t<\/div>\n\t\t\t\t<\/div>\n\t\t\t\t<div class=\"elementor-element elementor-element-2943ff9 elementor-widget-mobile__width-initial elementor-position-top elementor-widget elementor-widget-image-box\" data-id=\"2943ff9\" data-element_type=\"widget\" data-widget_type=\"image-box.default\">\n\t\t\t\t<div class=\"elementor-widget-container\">\n\t\t\t\t\t<div class=\"elementor-image-box-wrapper\"><figure class=\"elementor-image-box-img\"><img loading=\"lazy\" decoding=\"async\" width=\"512\" height=\"512\" src=\"https:\/\/parkinggetafe.es\/wp-content\/uploads\/sites\/10\/2024\/05\/24-hours-support.png\" class=\"attachment-full size-full wp-image-94\" alt=\"\" srcset=\"https:\/\/parkinggetafe.es\/wp-content\/uploads\/sites\/10\/2024\/05\/24-hours-support.png 512w, https:\/\/parkinggetafe.es\/wp-content\/uploads\/sites\/10\/2024\/05\/24-hours-support-300x300.png 300w, https:\/\/parkinggetafe.es\/wp-content\/uploads\/sites\/10\/2024\/05\/24-hours-support-150x150.png 150w\" sizes=\"(max-width: 512px) 100vw, 512px\" \/><\/figure><div class=\"elementor-image-box-content\"><span class=\"elementor-image-box-title\">Acc\u00e8s 24h\/24<\/span><\/div><\/div>\t\t\t\t<\/div>\n\t\t\t\t<\/div>\n\t\t\t\t<div class=\"elementor-element elementor-element-27cc99a elementor-widget-mobile__width-initial elementor-position-top elementor-widget elementor-widget-image-box\" data-id=\"27cc99a\" data-element_type=\"widget\" data-widget_type=\"image-box.default\">\n\t\t\t\t<div class=\"elementor-widget-container\">\n\t\t\t\t\t<div class=\"elementor-image-box-wrapper\"><figure class=\"elementor-image-box-img\"><img loading=\"lazy\" decoding=\"async\" width=\"512\" height=\"512\" src=\"https:\/\/parkinggetafe.es\/wp-content\/uploads\/sites\/10\/2024\/05\/infinity.png\" class=\"attachment-full size-full wp-image-93\" alt=\"\" srcset=\"https:\/\/parkinggetafe.es\/wp-content\/uploads\/sites\/10\/2024\/05\/infinity.png 512w, https:\/\/parkinggetafe.es\/wp-content\/uploads\/sites\/10\/2024\/05\/infinity-300x300.png 300w, https:\/\/parkinggetafe.es\/wp-content\/uploads\/sites\/10\/2024\/05\/infinity-150x150.png 150w\" sizes=\"(max-width: 512px) 100vw, 512px\" \/><\/figure><div class=\"elementor-image-box-content\"><span class=\"elementor-image-box-title\">Billets illimit\u00e9s<\/span><\/div><\/div>\t\t\t\t<\/div>\n\t\t\t\t<\/div>\n\t\t\t\t<div class=\"elementor-element elementor-element-b369df2 elementor-widget-mobile__width-initial elementor-position-top elementor-widget elementor-widget-image-box\" data-id=\"b369df2\" data-element_type=\"widget\" data-widget_type=\"image-box.default\">\n\t\t\t\t<div class=\"elementor-widget-container\">\n\t\t\t\t\t<div class=\"elementor-image-box-wrapper\"><figure class=\"elementor-image-box-img\"><img loading=\"lazy\" decoding=\"async\" width=\"512\" height=\"512\" src=\"https:\/\/parkinggetafe.es\/wp-content\/uploads\/sites\/10\/2024\/05\/disabled.png\" class=\"attachment-full size-full wp-image-91\" alt=\"\" srcset=\"https:\/\/parkinggetafe.es\/wp-content\/uploads\/sites\/10\/2024\/05\/disabled.png 512w, https:\/\/parkinggetafe.es\/wp-content\/uploads\/sites\/10\/2024\/05\/disabled-300x300.png 300w, https:\/\/parkinggetafe.es\/wp-content\/uploads\/sites\/10\/2024\/05\/disabled-150x150.png 150w\" sizes=\"(max-width: 512px) 100vw, 512px\" \/><\/figure><div class=\"elementor-image-box-content\"><span class=\"elementor-image-box-title\">Accessibilit\u00e9 PMR<\/span><\/div><\/div>\t\t\t\t<\/div>\n\t\t\t\t<\/div>\n\t\t\t\t<div class=\"elementor-element elementor-element-a15b943 elementor-widget-mobile__width-initial elementor-position-top elementor-widget elementor-widget-image-box\" data-id=\"a15b943\" data-element_type=\"widget\" data-widget_type=\"image-box.default\">\n\t\t\t\t<div class=\"elementor-widget-container\">\n\t\t\t\t\t<div class=\"elementor-image-box-wrapper\"><figure class=\"elementor-image-box-img\"><img loading=\"lazy\" decoding=\"async\" width=\"512\" height=\"512\" src=\"https:\/\/parkinggetafe.es\/wp-content\/uploads\/sites\/10\/2024\/05\/wide.png\" class=\"attachment-full size-full wp-image-92\" alt=\"\" srcset=\"https:\/\/parkinggetafe.es\/wp-content\/uploads\/sites\/10\/2024\/05\/wide.png 512w, https:\/\/parkinggetafe.es\/wp-content\/uploads\/sites\/10\/2024\/05\/wide-300x300.png 300w, https:\/\/parkinggetafe.es\/wp-content\/uploads\/sites\/10\/2024\/05\/wide-150x150.png 150w\" sizes=\"(max-width: 512px) 100vw, 512px\" \/><\/figure><div class=\"elementor-image-box-content\"><span class=\"elementor-image-box-title\">Grands espaces<\/span><\/div><\/div>\t\t\t\t<\/div>\n\t\t\t\t<\/div>\n\t\t\t\t<div class=\"elementor-element elementor-element-6897be2 elementor-widget-mobile__width-initial elementor-position-top elementor-widget elementor-widget-image-box\" data-id=\"6897be2\" data-element_type=\"widget\" data-widget_type=\"image-box.default\">\n\t\t\t\t<div class=\"elementor-widget-container\">\n\t\t\t\t\t<div class=\"elementor-image-box-wrapper\"><figure class=\"elementor-image-box-img\"><img loading=\"lazy\" decoding=\"async\" width=\"512\" height=\"512\" src=\"https:\/\/parkinggetafe.es\/wp-content\/uploads\/sites\/10\/2024\/05\/security-camera.png\" class=\"attachment-full size-full wp-image-90\" alt=\"\" srcset=\"https:\/\/parkinggetafe.es\/wp-content\/uploads\/sites\/10\/2024\/05\/security-camera.png 512w, https:\/\/parkinggetafe.es\/wp-content\/uploads\/sites\/10\/2024\/05\/security-camera-300x300.png 300w, https:\/\/parkinggetafe.es\/wp-content\/uploads\/sites\/10\/2024\/05\/security-camera-150x150.png 150w\" sizes=\"(max-width: 512px) 100vw, 512px\" \/><\/figure><div class=\"elementor-image-box-content\"><span class=\"elementor-image-box-title\">Zone de vid\u00e9osurveillance<\/span><\/div><\/div>\t\t\t\t<\/div>\n\t\t\t\t<\/div>\n\t\t\t\t\t<\/div>\n\t\t\t\t<\/div>\n\t\t\t\t\t<\/div>\n\t\t\t\t<\/div>\n\t\t<div class=\"elementor-element elementor-element-74aa7ca e-flex e-con-boxed e-con e-parent\" data-id=\"74aa7ca\" data-element_type=\"container\">\n\t\t\t\t\t<div class=\"e-con-inner\">\n\t\t\t\t<div class=\"elementor-element elementor-element-37e674d elementor-widget elementor-widget-heading\" data-id=\"37e674d\" data-element_type=\"widget\" data-widget_type=\"heading.default\">\n\t\t\t\t<div class=\"elementor-widget-container\">\n\t\t\t\t\t<h2 class=\"elementor-heading-title elementor-size-default\">Pourquoi utiliser le parking General Palacio Getafe ?<\/h2>\t\t\t\t<\/div>\n\t\t\t\t<\/div>\n\t\t\t\t<div class=\"elementor-element elementor-element-c154630 elementor-widget elementor-widget-text-editor\" data-id=\"c154630\" data-element_type=\"widget\" data-widget_type=\"text-editor.default\">\n\t\t\t\t<div class=\"elementor-widget-container\">\n\t\t\t\t\t\t\t\t\tAu coeur de Getafe, avec un excellent acc\u00e8s aux transports et \u00e0 tous les services dont vous avez besoin !\t\t\t\t\t\t\t\t<\/div>\n\t\t\t\t<\/div>\n\t\t<div class=\"elementor-element elementor-element-c3bb7c6 e-flex e-con-boxed e-con e-child\" data-id=\"c3bb7c6\" data-element_type=\"container\">\n\t\t\t\t\t<div class=\"e-con-inner\">\n\t\t<div class=\"elementor-element elementor-element-f8dfa59 e-flex e-con-boxed e-con e-child\" data-id=\"f8dfa59\" data-element_type=\"container\" data-settings=\"{&quot;background_background&quot;:&quot;classic&quot;}\">\n\t\t\t\t\t<div class=\"e-con-inner\">\n\t\t\t\t\t<\/div>\n\t\t\t\t<\/div>\n\t\t<div class=\"elementor-element elementor-element-fa18a1f e-flex e-con-boxed e-con e-child\" data-id=\"fa18a1f\" data-element_type=\"container\">\n\t\t\t\t\t<div class=\"e-con-inner\">\n\t\t<div class=\"elementor-element elementor-element-45cee48 e-flex e-con-boxed e-con e-child\" data-id=\"45cee48\" data-element_type=\"container\">\n\t\t\t\t\t<div class=\"e-con-inner\">\n\t\t\t\t<div class=\"elementor-element elementor-element-3312a28 elementor-widget elementor-widget-heading\" data-id=\"3312a28\" data-element_type=\"widget\" data-widget_type=\"heading.default\">\n\t\t\t\t<div class=\"elementor-widget-container\">\n\t\t\t\t\t<h3 class=\"elementor-heading-title elementor-size-default\">Garez votre voiture dans un parking confortable, s\u00fbr et s\u00e9curis\u00e9.<\/h3>\t\t\t\t<\/div>\n\t\t\t\t<\/div>\n\t\t\t\t<div class=\"elementor-element elementor-element-0283117 elementor-widget elementor-widget-text-editor\" data-id=\"0283117\" data-element_type=\"widget\" data-widget_type=\"text-editor.default\">\n\t\t\t\t<div class=\"elementor-widget-container\">\n\t\t\t\t\t\t\t\t\tParking G\u00e9n\u00e9ral Le Palacio Getafe propose des espaces extra-larges pour une exp\u00e9rience de stationnement confortable. Situ\u00e9 au coeur de Getafe, pr\u00e8s de la place General Palacio et \u00e0 quelques minutes de la rue Madrid et des b\u00e2timents administratifs de la municipalit\u00e9. Avec des entr\u00e9es et sorties illimit\u00e9es, vous pourrez profiter de vos activit\u00e9s sans vous soucier des restrictions horaires.\t\t\t\t\t\t\t\t<\/div>\n\t\t\t\t<\/div>\n\t\t\t\t<div class=\"elementor-element elementor-element-2d5f9a9 elementor-widget elementor-widget-text-editor\" data-id=\"2d5f9a9\" data-element_type=\"widget\" data-widget_type=\"text-editor.default\">\n\t\t\t\t<div class=\"elementor-widget-container\">\n\t\t\t\t\t\t\t\t\tNotre priorit\u00e9 est la s\u00e9curit\u00e9 de nos clients, garantie gr\u00e2ce \u00e0 une zone de vid\u00e9osurveillance 24h\/24. De plus, notre parking est accessible aux personnes \u00e0 mobilit\u00e9 r\u00e9duite (PMR).\t\t\t\t\t\t\t\t<\/div>\n\t\t\t\t<\/div>\n\t\t\t\t\t<\/div>\n\t\t\t\t<\/div>\n\t\t\t\t\t<\/div>\n\t\t\t\t<\/div>\n\t\t\t\t\t<\/div>\n\t\t\t\t<\/div>\n\t\t<div class=\"elementor-element elementor-element-180c177 e-flex e-con-boxed e-con e-child\" data-id=\"180c177\" data-element_type=\"container\">\n\t\t\t\t\t<div class=\"e-con-inner\">\n\t\t<div class=\"elementor-element elementor-element-87f8127 e-flex e-con-boxed e-con e-child\" data-id=\"87f8127\" data-element_type=\"container\">\n\t\t\t\t\t<div class=\"e-con-inner\">\n\t\t<div class=\"elementor-element elementor-element-394e7a3 e-flex e-con-boxed e-con e-child\" data-id=\"394e7a3\" data-element_type=\"container\">\n\t\t\t\t\t<div class=\"e-con-inner\">\n\t\t\t\t<div class=\"elementor-element elementor-element-36e55f1 elementor-widget elementor-widget-heading\" data-id=\"36e55f1\" data-element_type=\"widget\" data-widget_type=\"heading.default\">\n\t\t\t\t<div class=\"elementor-widget-container\">\n\t\t\t\t\t<h3 class=\"elementor-heading-title elementor-size-default\">O\u00f9 se trouve notre parking ?<\/h3>\t\t\t\t<\/div>\n\t\t\t\t<\/div>\n\t\t\t\t<div class=\"elementor-element elementor-element-e26f1bd elementor-widget elementor-widget-text-editor\" data-id=\"e26f1bd\" data-element_type=\"widget\" data-widget_type=\"text-editor.default\">\n\t\t\t\t<div class=\"elementor-widget-container\">\n\t\t\t\t\t\t\t\t\tNous sommes situ\u00e9s Av. General Palacio, 3, 28902, Getafe, Madrid, \u00e0 quelques m\u00e8tres de la place General Palacio et \u00e0 proximit\u00e9 de la rue Madrid et des b\u00e2timents administratifs de la municipalit\u00e9. Notre parking offre un acc\u00e8s rapide \u00e0 la station Getafe Centro, \u00e0 seulement 10 minutes \u00e0 pied, reli\u00e9e \u00e0 la ligne Cercan\u00edas C-4 et \u00e0 la ligne 12 du m\u00e9tro, facilitant ainsi votre mobilit\u00e9 aussi bien \u00e0 Getafe que vers Madrid et ses environs.\t\t\t\t\t\t\t\t<\/div>\n\t\t\t\t<\/div>\n\t\t\t\t<div class=\"elementor-element elementor-element-73ae314 elementor-widget elementor-widget-text-editor\" data-id=\"73ae314\" data-element_type=\"widget\" data-widget_type=\"text-editor.default\">\n\t\t\t\t<div class=\"elementor-widget-container\">\n\t\t\t\t\t\t\t\t\tGarez-vous dans le parking General Palacio Getafe et profitez du confort d&#039;un emplacement strat\u00e9gique, avec un acc\u00e8s rapide aux principales liaisons de transports en commun qui facilitent votre visite et votre exploration de Getafe et de ses environs.\t\t\t\t\t\t\t\t<\/div>\n\t\t\t\t<\/div>\n\t\t\t\t\t<\/div>\n\t\t\t\t<\/div>\n\t\t<div class=\"elementor-element elementor-element-a10a3c2 e-flex e-con-boxed e-con e-child\" data-id=\"a10a3c2\" data-element_type=\"container\" data-settings=\"{&quot;background_background&quot;:&quot;classic&quot;}\">\n\t\t\t\t\t<div class=\"e-con-inner\">\n\t\t\t\t\t<\/div>\n\t\t\t\t<\/div>\n\t\t\t\t\t<\/div>\n\t\t\t\t<\/div>\n\t\t\t\t\t<\/div>\n\t\t\t\t<\/div>\n\t\t\t\t\t<\/div>\n\t\t\t\t<\/div>\n\t\t<div class=\"elementor-element elementor-element-1fc0ce7 e-flex e-con-boxed e-con e-parent\" data-id=\"1fc0ce7\" data-element_type=\"container\" data-settings=\"{&quot;background_background&quot;:&quot;classic&quot;}\">\n\t\t\t\t\t<div class=\"e-con-inner\">\n\t\t\t\t<div class=\"elementor-element elementor-element-bcfd0cb elementor-widget elementor-widget-heading\" data-id=\"bcfd0cb\" data-element_type=\"widget\" data-widget_type=\"heading.default\">\n\t\t\t\t<div class=\"elementor-widget-container\">\n\t\t\t\t\t<h2 class=\"elementor-heading-title elementor-size-default\">Emplacement du parking g\u00e9n\u00e9ral Palacio Getafe<\/h2>\t\t\t\t<\/div>\n\t\t\t\t<\/div>\n\t\t\t\t<div class=\"elementor-element elementor-element-5a30b2a elementor-widget elementor-widget-google_maps\" data-id=\"5a30b2a\" data-element_type=\"widget\" data-widget_type=\"google_maps.default\">\n\t\t\t\t<div class=\"elementor-widget-container\">\n\t\t\t\t\t\t\t<div class=\"elementor-custom-embed\">\n\t\t\t<iframe loading=\"lazy\"\n\t\t\t\t\tsrc=\"https:\/\/maps.google.com\/maps?q=Av.%20General%20Palacio%2C%203%2C%2028902%20Getafe%2C%20Madrid&#038;t=m&#038;z=15&#038;output=embed&#038;iwloc=near\"\n\t\t\t\t\ttitle=\"Av. G\u00e9n\u00e9ral Palacio, 3, 28902 Getafe, Madrid\"\n\t\t\t\t\taria-label=\"Av. G\u00e9n\u00e9ral Palacio, 3, 28902 Getafe, Madrid\"\n\t\t\t><\/iframe>\n\t\t<\/div>\n\t\t\t\t\t\t<\/div>\n\t\t\t\t<\/div>\n\t\t\t\t\t<\/div>\n\t\t\t\t<\/div>\n\t\t\t\t<\/div>","protected":false},"excerpt":{"rendered":"<p>Parking g\u00e9n\u00e9ral Palacio Getafe Votre parking de confiance au c\u0153ur de Getafe Ouvert 24 heures sur 24, tous les jours [\u2026]<\/p>","protected":false},"author":1,"featured_media":0,"parent":0,"menu_order":0,"comment_status":"closed","ping_status":"closed","template":"elementor_header_footer","meta":{"site-sidebar-layout":"default","site-content-layout":"","ast-site-content-layout":"","site-content-style":"default","site-sidebar-style":"default","ast-global-header-display":"","ast-banner-title-visibility":"","ast-main-header-display":"","ast-hfb-above-header-display":"","ast-hfb-below-header-display":"","ast-hfb-mobile-header-display":"","site-post-title":"","ast-breadcrumbs-content":"","ast-featured-img":"","footer-sml-layout":"","theme-transparent-header-meta":"","adv-header-id-meta":"","stick-header-meta":"","header-above-stick-meta":"","header-main-stick-meta":"","header-below-stick-meta":"","astra-migrate-meta-layouts":"default","ast-page-background-enabled":"default","ast-page-background-meta":{"desktop":{"background-color":"var(--ast-global-color-4)","background-image":"","background-repeat":"repeat","background-position":"center center","background-size":"auto","background-attachment":"scroll","background-type":"","background-media":"","overlay-type":"","overlay-color":"","overlay-opacity":"","overlay-gradient":""},"tablet":{"background-color":"","background-image":"","background-repeat":"repeat","background-position":"center center","background-size":"auto","background-attachment":"scroll","background-type":"","background-media":"","overlay-type":"","overlay-color":"","overlay-opacity":"","overlay-gradient":""},"mobile":{"background-color":"","background-image":"","background-repeat":"repeat","background-position":"center center","background-size":"auto","background-attachment":"scroll","background-type":"","background-media":"","overlay-type":"","overlay-color":"","overlay-opacity":"","overlay-gradient":""}},"ast-content-background-meta":{"desktop":{"background-color":"var(--ast-global-color-5)","background-image":"","background-repeat":"repeat","background-position":"center center","background-size":"auto","background-attachment":"scroll","background-type":"","background-media":"","overlay-type":"","overlay-color":"","overlay-opacity":"","overlay-gradient":""},"tablet":{"background-color":"var(--ast-global-color-5)","background-image":"","background-repeat":"repeat","background-position":"center center","background-size":"auto","background-attachment":"scroll","background-type":"","background-media":"","overlay-type":"","overlay-color":"","overlay-opacity":"","overlay-gradient":""},"mobile":{"background-color":"var(--ast-global-color-5)","background-image":"","background-repeat":"repeat","background-position":"center center","background-size":"auto","background-attachment":"scroll","background-type":"","background-media":"","overlay-type":"","overlay-color":"","overlay-opacity":"","overlay-gradient":""}},"footnotes":""},"class_list":["post-1631","page","type-page","status-publish","hentry"],"acf":[],"yoast_head":"<!-- This site is optimized with the Yoast SEO plugin v22.8 - https:\/\/yoast.com\/wordpress\/plugins\/seo\/ -->\n<title>Inicio - Parking Getafe<\/title>\n<meta name=\"robots\" content=\"index, follow, max-snippet:-1, max-image-preview:large, max-video-preview:-1\" \/>\n<link rel=\"canonical\" href=\"https:\/\/parkinggetafe.es\/fr\/\" \/>\n<meta property=\"og:locale\" content=\"fr_FR\" \/>\n<meta property=\"og:type\" content=\"article\" \/>\n<meta property=\"og:title\" content=\"Inicio - Parking Getafe\" \/>\n<meta property=\"og:description\" content=\"Parking General Palacio Getafe Tu parking de confianza en el coraz\u00f3n de Getafe Abierto las 24 horas, todos los d\u00edas [&hellip;]\" \/>\n<meta property=\"og:url\" content=\"https:\/\/parkinggetafe.es\/fr\/\" \/>\n<meta property=\"og:site_name\" content=\"Parking Getafe\" \/>\n<meta property=\"article:modified_time\" content=\"2024-11-29T11:31:25+00:00\" \/>\n<meta property=\"og:image\" content=\"https:\/\/parkinggetafe.es\/wp-content\/uploads\/sites\/10\/2024\/05\/FRONTAL-PARKING-GETAFE-1-768x433.jpg\" \/>\n<meta name=\"twitter:card\" content=\"summary_large_image\" \/>\n<meta name=\"twitter:label1\" content=\"Dur\u00e9e de lecture estim\u00e9e\" \/>\n\t<meta name=\"twitter:data1\" content=\"5 minutes\" \/>\n<script type=\"application\/ld+json\" class=\"yoast-schema-graph\">{\"@context\":\"https:\/\/schema.org\",\"@graph\":[{\"@type\":\"WebPage\",\"@id\":\"https:\/\/parkinggetafe.es\/\",\"url\":\"https:\/\/parkinggetafe.es\/\",\"name\":\"Inicio - Parking Getafe\",\"isPartOf\":{\"@id\":\"https:\/\/parkinggetafe.es\/#website\"},\"primaryImageOfPage\":{\"@id\":\"https:\/\/parkinggetafe.es\/#primaryimage\"},\"image\":{\"@id\":\"https:\/\/parkinggetafe.es\/#primaryimage\"},\"thumbnailUrl\":\"https:\/\/parkinggetafe.es\/wp-content\/uploads\/sites\/10\/2024\/05\/FRONTAL-PARKING-GETAFE-1-768x433.jpg\",\"datePublished\":\"2024-06-02T20:58:30+00:00\",\"dateModified\":\"2024-11-29T11:31:25+00:00\",\"breadcrumb\":{\"@id\":\"https:\/\/parkinggetafe.es\/#breadcrumb\"},\"inLanguage\":\"fr-FR\",\"potentialAction\":[{\"@type\":\"ReadAction\",\"target\":[\"https:\/\/parkinggetafe.es\/\"]}]},{\"@type\":\"ImageObject\",\"inLanguage\":\"fr-FR\",\"@id\":\"https:\/\/parkinggetafe.es\/#primaryimage\",\"url\":\"https:\/\/parkinggetafe.es\/wp-content\/uploads\/sites\/10\/2024\/05\/FRONTAL-PARKING-GETAFE-1-768x433.jpg\",\"contentUrl\":\"https:\/\/parkinggetafe.es\/wp-content\/uploads\/sites\/10\/2024\/05\/FRONTAL-PARKING-GETAFE-1-768x433.jpg\"},{\"@type\":\"BreadcrumbList\",\"@id\":\"https:\/\/parkinggetafe.es\/#breadcrumb\",\"itemListElement\":[{\"@type\":\"ListItem\",\"position\":1,\"name\":\"Home\",\"item\":\"https:\/\/parkinggetafe.es\/\"},{\"@type\":\"ListItem\",\"position\":2,\"name\":\"Inicio\"}]},{\"@type\":\"WebSite\",\"@id\":\"https:\/\/parkinggetafe.es\/#website\",\"url\":\"https:\/\/parkinggetafe.es\/\",\"name\":\"Parking Getafe\",\"description\":\"\",\"potentialAction\":[{\"@type\":\"SearchAction\",\"target\":{\"@type\":\"EntryPoint\",\"urlTemplate\":\"https:\/\/parkinggetafe.es\/?s={search_term_string}\"},\"query-input\":\"required name=search_term_string\"}],\"inLanguage\":\"fr-FR\"}]}<\/script>\n<!-- \/ Yoast SEO plugin. -->","yoast_head_json":{"title":"Inicio - Parking Getafe","robots":{"index":"index","follow":"follow","max-snippet":"max-snippet:-1","max-image-preview":"max-image-preview:large","max-video-preview":"max-video-preview:-1"},"canonical":"https:\/\/parkinggetafe.es\/fr\/","og_locale":"fr_FR","og_type":"article","og_title":"Inicio - Parking Getafe","og_description":"Parking General Palacio Getafe Tu parking de confianza en el coraz\u00f3n de Getafe Abierto las 24 horas, todos los d\u00edas [&hellip;]","og_url":"https:\/\/parkinggetafe.es\/fr\/","og_site_name":"Parking Getafe","article_modified_time":"2024-11-29T11:31:25+00:00","og_image":[{"url":"https:\/\/parkinggetafe.es\/wp-content\/uploads\/sites\/10\/2024\/05\/FRONTAL-PARKING-GETAFE-1-768x433.jpg"}],"twitter_card":"summary_large_image","twitter_misc":{"Dur\u00e9e de lecture estim\u00e9e":"5 minutes"},"schema":{"@context":"https:\/\/schema.org","@graph":[{"@type":"WebPage","@id":"https:\/\/parkinggetafe.es\/","url":"https:\/\/parkinggetafe.es\/","name":"Inicio - Parking Getafe","isPartOf":{"@id":"https:\/\/parkinggetafe.es\/#website"},"primaryImageOfPage":{"@id":"https:\/\/parkinggetafe.es\/#primaryimage"},"image":{"@id":"https:\/\/parkinggetafe.es\/#primaryimage"},"thumbnailUrl":"https:\/\/parkinggetafe.es\/wp-content\/uploads\/sites\/10\/2024\/05\/FRONTAL-PARKING-GETAFE-1-768x433.jpg","datePublished":"2024-06-02T20:58:30+00:00","dateModified":"2024-11-29T11:31:25+00:00","breadcrumb":{"@id":"https:\/\/parkinggetafe.es\/#breadcrumb"},"inLanguage":"fr-FR","potentialAction":[{"@type":"ReadAction","target":["https:\/\/parkinggetafe.es\/"]}]},{"@type":"ImageObject","inLanguage":"fr-FR","@id":"https:\/\/parkinggetafe.es\/#primaryimage","url":"https:\/\/parkinggetafe.es\/wp-content\/uploads\/sites\/10\/2024\/05\/FRONTAL-PARKING-GETAFE-1-768x433.jpg","contentUrl":"https:\/\/parkinggetafe.es\/wp-content\/uploads\/sites\/10\/2024\/05\/FRONTAL-PARKING-GETAFE-1-768x433.jpg"},{"@type":"BreadcrumbList","@id":"https:\/\/parkinggetafe.es\/#breadcrumb","itemListElement":[{"@type":"ListItem","position":1,"name":"Home","item":"https:\/\/parkinggetafe.es\/"},{"@type":"ListItem","position":2,"name":"Inicio"}]},{"@type":"WebSite","@id":"https:\/\/parkinggetafe.es\/#website","url":"https:\/\/parkinggetafe.es\/","name":"Parking Getafe","description":"","potentialAction":[{"@type":"SearchAction","target":{"@type":"EntryPoint","urlTemplate":"https:\/\/parkinggetafe.es\/?s={search_term_string}"},"query-input":"required name=search_term_string"}],"inLanguage":"fr-FR"}]}},"_links":{"self":[{"href":"https:\/\/parkinggetafe.es\/fr\/wp-json\/wp\/v2\/pages\/1631","targetHints":{"allow":["GET"]}}],"collection":[{"href":"https:\/\/parkinggetafe.es\/fr\/wp-json\/wp\/v2\/pages"}],"about":[{"href":"https:\/\/parkinggetafe.es\/fr\/wp-json\/wp\/v2\/types\/page"}],"author":[{"embeddable":true,"href":"https:\/\/parkinggetafe.es\/fr\/wp-json\/wp\/v2\/users\/1"}],"replies":[{"embeddable":true,"href":"https:\/\/parkinggetafe.es\/fr\/wp-json\/wp\/v2\/comments?post=1631"}],"version-history":[{"count":138,"href":"https:\/\/parkinggetafe.es\/fr\/wp-json\/wp\/v2\/pages\/1631\/revisions"}],"predecessor-version":[{"id":2256,"href":"https:\/\/parkinggetafe.es\/fr\/wp-json\/wp\/v2\/pages\/1631\/revisions\/2256"}],"wp:attachment":[{"href":"https:\/\/parkinggetafe.es\/fr\/wp-json\/wp\/v2\/media?parent=1631"}],"curies":[{"name":"wp","href":"https:\/\/api.w.org\/{rel}","templated":true}]}}